{"id":22,"date":"2014-06-20T10:05:51","date_gmt":"2014-06-20T09:05:51","guid":{"rendered":"http:\/\/s529271377.onlinehome.fr\/siteweb\/?page_id=22"},"modified":"2023-05-02T15:05:44","modified_gmt":"2023-05-02T14:05:44","slug":"cnafc","status":"publish","type":"page","link":"https:\/\/www.afc69.fr\/?page_id=22","title":{"rendered":"CNAFC &#8211; Pr\u00e9sentation"},"content":{"rendered":"<div>\n<p style=\"text-align: center;\">Qui sommes-nous ?<\/p>\n<p>La Conf\u00e9d\u00e9ration nationale est l\u2019organe qui repr\u00e9sente les AFC pour la mise en \u0153uvre de leur mission \u00e0 l\u2019\u00e9chelon national. Regroup\u00e9es au niveau national par la conf\u00e9d\u00e9ration, les AFC y trouvent un appui et un r\u00e9seau.<\/p>\n<p style=\"text-align: center;\"><a href=\"https:\/\/www.afc69.fr\/wp-content\/uploads\/2018\/06\/famille-des-familles.png\"><img loading=\"lazy\" decoding=\"async\" class=\"alignnone size-medium wp-image-2672\" src=\"https:\/\/www.afc69.fr\/wp-content\/uploads\/2018\/06\/famille-des-familles-300x175.png\" alt=\"\" width=\"300\" height=\"175\" srcset=\"https:\/\/www.afc69.fr\/wp-content\/uploads\/2018\/06\/famille-des-familles-300x175.png 300w, https:\/\/www.afc69.fr\/wp-content\/uploads\/2018\/06\/famille-des-familles-500x292.png 500w, https:\/\/www.afc69.fr\/wp-content\/uploads\/2018\/06\/famille-des-familles.png 597w\" sizes=\"auto, (max-width: 300px) 100vw, 300px\" \/><\/a><\/p>\n<\/div>\n<div>\n<p style=\"text-align: center;\">Regardez la vid\u00e9o de <strong>\u00ab\u00a0la Famille des Familles\u00a0\u00bb<\/strong> en cliquant sur ce lien :<\/p>\n<p style=\"text-align: center;\"><a href=\"https:\/\/www.youtube.com\/watch?v=dn3Fkke58iQ&amp;feature=youtu.be\">https:\/\/www.youtube.com\/watch?v=dn3Fkke58iQ&amp;feature=youtu.be<\/a><\/p>\n<\/div>\n<p>______________________________________________________________________<\/p>\n<h2 class=\"h3 text-md-left text-center\">Le Conseil d\u2019administration de la CNAFC<\/h2>\n<div class=\"text text-left\">\n<p>Le Conseil d\u2019administration est compos\u00e9 de 25 membres. Il se r\u00e9unit tous les deux mois environ. Il oriente le mouvement et d\u00e9lib\u00e8re sur les questions les plus essentielles.<\/p>\n<p>Il connait la vie du mouvement dans son ensemble. Il discerne les \u00e9volutions n\u00e9cessaires et en promeut le d\u00e9veloppement. Il repr\u00e9sente et porte les pr\u00e9occupations locales, en d\u00e9bat, et en d\u00e9duit les priorit\u00e9s d\u2019action.<\/p>\n<p>Ses membres sont \u00e9lus pour des mandats de 4 ans, renouvelables ; le Conseil d\u2019administration est renouvel\u00e9 par moiti\u00e9 tous les deux ans.<\/p>\n<div class=\"texts\">\n<h2 class=\"h3 text-md-left text-center\">Le Bureau<\/h2>\n<div class=\"text text-left\">\n<p>Le Bureau a pour r\u00f4le de mettre en \u0153uvre la politique d\u00e9finie par le Conseil d\u2019administration, de choisir les moyens les plus appropri\u00e9s, de g\u00e9rer l\u2019action quotidienne de la Conf\u00e9d\u00e9ration, celle de l\u2019\u00e9quipe des permanents et de rendre compte de ces actions aux Conseil d\u2019Administration.<\/p>\n<p>Il est compos\u00e9 aujourd\u2019hui de :<\/p>\n<ul>\n<li>Pascale Morini\u00e8re, pr\u00e9sidente<\/li>\n<li>Jean-Joseph Bodet, vice-pr\u00e9sident<\/li>\n<li>Antoine Harmel, vice-pr\u00e9sident<\/li>\n<li>Laurent Giry, secr\u00e9taire g\u00e9n\u00e9ral<\/li>\n<li>Marc Meyer, tr\u00e9sorier<\/li>\n<li>B\u00e9n\u00e9dicte Bret\u00e9ch\u00e9<\/li>\n<\/ul>\n<\/div>\n<\/div>\n<\/div>\n\n\n<p><a href=\"https:\/\/www.afc-france.org\/\">https:\/\/www.afc-france.org\/<\/a><\/p>\n","protected":false},"excerpt":{"rendered":"<p>Qui sommes-nous ? La Conf\u00e9d\u00e9ration nationale est l\u2019organe qui repr\u00e9sente les AFC pour la mise en \u0153uvre de leur mission \u00e0 l\u2019\u00e9chelon national. Regroup\u00e9es au niveau national par la conf\u00e9d\u00e9ration, les AFC y trouvent un appui et un r\u00e9seau. Regardez &hellip; <a href=\"https:\/\/www.afc69.fr\/?page_id=22\">Continuer la lecture <span class=\"meta-nav\">&rarr;<\/span><\/a><\/p>\n","protected":false},"author":2,"featured_media":0,"parent":0,"menu_order":0,"comment_status":"open","ping_status":"closed","template":"","meta":{"footnotes":""},"class_list":["post-22","page","type-page","status-publish","hentry"],"_links":{"self":[{"href":"https:\/\/www.afc69.fr\/index.php?rest_route=\/wp\/v2\/pages\/22","targetHints":{"allow":["GET"]}}],"collection":[{"href":"https:\/\/www.afc69.fr\/index.php?rest_route=\/wp\/v2\/pages"}],"about":[{"href":"https:\/\/www.afc69.fr\/index.php?rest_route=\/wp\/v2\/types\/page"}],"author":[{"embeddable":true,"href":"https:\/\/www.afc69.fr\/index.php?rest_route=\/wp\/v2\/users\/2"}],"replies":[{"embeddable":true,"href":"https:\/\/www.afc69.fr\/index.php?rest_route=%2Fwp%2Fv2%2Fcomments&post=22"}],"version-history":[{"count":11,"href":"https:\/\/www.afc69.fr\/index.php?rest_route=\/wp\/v2\/pages\/22\/revisions"}],"predecessor-version":[{"id":10794,"href":"https:\/\/www.afc69.fr\/index.php?rest_route=\/wp\/v2\/pages\/22\/revisions\/10794"}],"wp:attachment":[{"href":"https:\/\/www.afc69.fr\/index.php?rest_route=%2Fwp%2Fv2%2Fmedia&parent=22"}],"curies":[{"name":"wp","href":"https:\/\/api.w.org\/{rel}","templated":true}]}}